{"id":107,"date":"2024-11-10T13:13:10","date_gmt":"2024-11-10T13:13:10","guid":{"rendered":"https:\/\/patagoniachelofest.cl\/2025\/?page_id=107"},"modified":"2025-11-29T14:43:12","modified_gmt":"2025-11-29T14:43:12","slug":"profesores-e-invitados","status":"publish","type":"page","link":"https:\/\/patagoniachelofest.cl\/2025\/profesores-e-invitados\/","title":{"rendered":"Profesores e invitados"},"content":{"rendered":"<div  data-label=\"Team\" data-id=\"team-large-square-section\" data-category=\"team\" class=\"team-large-square-section\" id=\"team-2\" style=\"background-color: rgb(255, 255, 255); background-image: none;\" data-ovid=\"ovid-team-2-723\"> <div  class=\"gridContainer\"> <div  class=\"team-large-square-textcol dynamic-color\" data-type=\"column\"> <h2  class=\"\">Nuestros profesores invitados<\/h2> <p  class=\"\">Para el 2026 tenemos grandes maestros para un Festival Patag\u00f3nico, inolvidable.<\/p> <\/div> <div  class=\"team-large-square-innerrow dark-text\" data-type=\"row\"> <div  class=\"team-large-square-membercol cp6cols-tablet cp6cols\"> <div  class=\"team-large-square-membercard\"> <div  class=\"contentswap-effect ContentSwap102\" hover-fx=\"ContentSwap102\" id=\"ContentSwap102\" is-hovered=\"1\"> <div  class=\"ContentSwap102_content initial-image\"><img  decoding=\"async\" class=\"image13\" data-size=\"800x800\" src=\"https:\/\/patagoniachelofest.cl\/2025\/wp-content\/uploads\/2025\/10\/cropped-Maria-Gabriela-Olivares.jpeg\"> <\/div> <div  class=\"overlay\" style=\"display: block; opacity: 1;\"><\/div> <div  class=\"swap-inner\" style=\"opacity: 1; display: block;\"> <div  class=\"ContentSwap102-center\"> <a  href=\"#\" target=\"_self\" rel=\"noopener\" data-reiki-hidden=\"true\"><i  data-cp-fa=\"true\" class=\"team-large-square-membericon fa fa-twitter color6\"><\/i><\/a> <a  href=\"#\" target=\"_self\" rel=\"noopener\" data-reiki-hidden=\"true\"><i  data-cp-fa=\"true\" class=\"team-large-square-membericon fa fa-linkedin color6\"><\/i><\/a> <a  href=\"#\" target=\"_self\" rel=\"noopener\" data-reiki-hidden=\"true\"><i  data-cp-fa=\"true\" class=\"team-large-square-membericon fa fa-dribbble color6\"><\/i><\/a> <\/div> <\/div> <\/div> <div  class=\"team-large-square-memberinfo\" data-type=\"column\"> <h3  class=\"team-large-square-membername\">Mar\u00eda Gabriela Olivares<\/h3> <h4  class=\"team-large-square-memberposition\">Violonchelo y m\u00fasica de c\u00e1mara<\/h4> <p  class=\"\">Nacida en La Serena, Mar\u00eda Gabriela Olivares comenz\u00f3 sus estudios musicales a los diez a\u00f1os en la Escuela Experimental de M\u00fasica Jorge Pe\u00f1a Hen. Posteriormente, se gradu\u00f3 con m\u00e1xima distinci\u00f3n en la Universidad Cat\u00f3lica de Chile, donde fue alumna de Jorge Rom\u00e1n y estudi\u00f3 m\u00fasica de c\u00e1mara con Edgar Fischer y Mar\u00eda Iris Radrig\u00e1n. Realiz\u00f3 sus estudios de posgrado en el Conservatorio de San Francisco, California, obteniendo el grado de Master of Music in Cello Performance con Minor en voz, siendo sus profesores Clive Greensmith y Bonnie Hampton, en cello; y Herman Leroux, en canto. Posterior a eso se traslad\u00f3 a Francia para perfeccionarse en la \u00c9cole Normale de Musique de Par\u00eds con los profesoreS Rapha\u00ebl Sommer y Genevi\u00e8ve Teuli\u00e8res. Como cellista y soprano solista, se ha presentado junto a orquestas como la Sinf\u00f3nica Nacional, la Orquesta de C\u00e1mara de Chile, la Orquesta Usach, la Sinf\u00f3nica Nacional Juvenil y la Filarm\u00f3nica de Temuco. Como int\u00e9rprete de m\u00fasica de c\u00e1mara, ha participado en diversas temporadas y escenarios de la escena local e internacional. Dentro de su repertorio como solista se encuentran autores como Camille Saint-Sa\u00ebns, Astor Piazzolla, Joseph Haydn, Ludwig van Beethoven y Robert Schumann. Actualmente es docente en el  pregrado y en el Mag\u00edster en Interpretaci\u00f3n Musicalde la Universidad de Chile, adem\u00e1s de profesora de violoncello en el Programa Escuela de Orquestas de la Fundaci\u00f3n de Orquestas Juveniles e Infantiles (FOJI) donde ha sido organizadora de varios de los encuentros nacionales de violoncello. Tambi\u00e9n se ha desempe\u00f1ado como docente en el Instituto de M\u00fasica de la Universidad Cat\u00f3lica. Ha recibido prestigiosas becas, como Presidente de la Rep\u00fablica para Estudios Internacionales, Fundaci\u00f3n Andes, Amigos del Teatro Municipal, Instituto de M\u00fasica UC y Presidente de la Rep\u00fablica del Mineduc.<br >\nDesde 2006 ocupa el cargo de Violoncello Solista de la Orquesta Usach. Junto a integrantes de la agrupaci\u00f3n, ha grabado obras de c\u00e1mara de Enrique Soro para el sello Aula Records y mont\u00f3 el concierto audiovisual BaRockPop. En 2025 es invitada como jurado al Concurso Internacional Luis Sigall.<\/p> <\/div> <\/div> <\/div><div  class=\"team-large-square-membercol cp6cols-tablet cp6cols\"> <div  class=\"team-large-square-membercard\"> <div  class=\"contentswap-effect ContentSwap102\" hover-fx=\"ContentSwap102\" id=\"ContentSwap102\" is-hovered=\"1\"> <div  class=\"ContentSwap102_content initial-image\"><img  decoding=\"async\" class=\"image13\" data-size=\"800x800\" src=\"https:\/\/patagoniachelofest.cl\/2025\/wp-content\/uploads\/2025\/09\/cropped-nowwfo.jpg\"> <\/div> <div  class=\"overlay\" style=\"display: block; opacity: 1;\"><\/div> <div  class=\"swap-inner\" style=\"opacity: 1; display: block;\"> <div  class=\"ContentSwap102-center\"> <a  href=\"#\" target=\"_self\" rel=\"noopener\" data-reiki-hidden=\"true\"><i  data-cp-fa=\"true\" class=\"team-large-square-membericon fa fa-twitter color6\"><\/i><\/a> <a  href=\"#\" target=\"_self\" rel=\"noopener\" data-reiki-hidden=\"true\"><i  data-cp-fa=\"true\" class=\"team-large-square-membericon fa fa-linkedin color6\"><\/i><\/a> <a  href=\"#\" target=\"_self\" rel=\"noopener\" data-reiki-hidden=\"true\"><i  data-cp-fa=\"true\" class=\"team-large-square-membericon fa fa-dribbble color6\"><\/i><\/a> <\/div> <\/div> <\/div> <div  class=\"team-large-square-memberinfo\" data-type=\"column\"> <h3  class=\"team-large-square-membername\">Aaron Pereira<\/h3> <h4  class=\"team-large-square-memberposition\">Violonchelista, director y compositor chileno<\/h4> <p  class=\"\">Profesor de violoncello y director de la Orquesta de C\u00e1mara Municipal de Chonchi, adem\u00e1s de subdirector de la Filarm\u00f3nica Municipal de Chonchi y director del Coro Amigos de Chonchi. Es miembro de la Asociaci\u00f3n Nacional de Compositores (ANC), de la Sociedad Bach y del colectivo Nuevos Aires Chilenos para Oboe.<br >\nTitulado como Profesor de M\u00fasica en la Universidad de Talca, con estudios de direcci\u00f3n coral y pasant\u00eda en la Universidad Nacional de Cuyo (Argentina), ha complementado su formaci\u00f3n en composici\u00f3n con maestros como Gonzalo Mart\u00ednez y Mario Masera, y en violoncello con Jorge Espinoza (New Mexico State University).<br >\nHa sido ganador de concursos de composici\u00f3n en Chile y el extranjero, incluyendo el Festival Puente, el Concurso de la Orquesta Filarm\u00f3nica del Maule Sur y el Sol\u00edstico de Santiago, donde tambi\u00e9n fue nominado a los Premios Pulsar 2022. Su m\u00fasica ha sido interpretada por destacados m\u00fasicos y agrupaciones nacionales e internacionales, y estrenada en escenarios como la Sala Arrau del Teatro Municipal de Santiago.<br >\nComo int\u00e9rprete y pedagogo, ha impulsado proyectos innovadores como Mateando con Bach, conciertos- conversatorios sobre las suites de J.S. Bach, y un m\u00e9todo de aprendizaje veloz para violoncello. Tambi\u00e9n imparte clases magistrales en diversas instituciones y festivales en Chile.<\/p> <\/div> <\/div> <\/div>   <div  class=\"team-large-square-membercol cp6cols-tablet cp6cols\"> <div  class=\"team-large-square-membercard\"> <div  class=\"contentswap-effect ContentSwap102\" hover-fx=\"ContentSwap102\" id=\"ContentSwap102\" is-hovered=\"1\"> <div  class=\"ContentSwap102_content initial-image\"><img  decoding=\"async\" class=\"image13\" data-size=\"800x800\" src=\"https:\/\/patagoniachelofest.cl\/2025\/wp-content\/uploads\/2025\/09\/cropped-alvaro_bitran.jpg\"> <\/div> <div  class=\"overlay\" style=\"display: block; opacity: 1;\"><\/div> <div  class=\"swap-inner\" style=\"opacity: 1; display: block;\"> <div  class=\"ContentSwap102-center\"> <a  href=\"#\" target=\"_self\" rel=\"noopener\" data-reiki-hidden=\"true\"><i  data-cp-fa=\"true\" class=\"team-large-square-membericon fa fa-twitter color6\"><\/i><\/a> <a  href=\"#\" target=\"_self\" rel=\"noopener\" data-reiki-hidden=\"true\"><i  data-cp-fa=\"true\" class=\"team-large-square-membericon fa fa-linkedin color6\"><\/i><\/a> <a  href=\"#\" target=\"_self\" rel=\"noopener\" data-reiki-hidden=\"true\"><i  data-cp-fa=\"true\" class=\"team-large-square-membericon fa fa-dribbble color6\"><\/i><\/a> <\/div> <\/div> <\/div> <div  class=\"team-large-square-memberinfo\" data-type=\"column\"> <h3  class=\"team-large-square-membername\">\u00c1lvaro Bitr\u00e1n<\/h3> <h4  class=\"team-large-square-memberposition\">Chelista&nbsp; chileno \u2013 mexicano, \n<br >dos veces ganador del Grammy Latino<\/h4> <p  class=\"\">\u00c1lvaro Bitr\u00e1n es el \u00fanico violonchelista mexicano dos veces ganador del Grammy Latino en la categor\u00eda de Mejor \u00c1lbum Cl\u00e1sico y ha recibido seis nominaciones adicionales. Fue distinguido en Francia con el Diapas\u00f3n d\u2019Or y en Am\u00e9rica Latina con la Medalla de Bellas Artes (M\u00e9xico) y la Orden al M\u00e9rito Pablo Neruda (Chile).<br >\nDisc\u00edpulo de Janos Starker, fund\u00f3 en 1982 el Cuarteto Latinoamericano, con el que ha grabado m\u00e1s de cien discos y se ha presentado en escenarios de prestigio mundial como el Carnegie Hall de Nueva York, el Teatro alla Scala de Mil\u00e1n y el Concertgebouw de \u00c1msterdam.<br >\nComo solista, cuenta con una extensa discograf\u00eda e interpretaciones junto a orquestas de primer nivel en Am\u00e9rica, Estados Unidos y Canad\u00e1. Paralelamente, es un formador de nuevas generaciones en instituciones como la UNAM y el Conservatorio Nacional de M\u00fasica de M\u00e9xico, adem\u00e1s de ser jurado en concursos internacionales de violonchelo.<\/p> <\/div> <\/div> <\/div><div  class=\"team-large-square-membercol cp6cols-tablet cp6cols\"> <div  class=\"team-large-square-membercard\"> <div  class=\"contentswap-effect ContentSwap102\" hover-fx=\"ContentSwap102\" id=\"ContentSwap102\" is-hovered=\"1\"> <div  class=\"ContentSwap102_content initial-image\"><img  decoding=\"async\" class=\"image13\" data-size=\"800x800\" src=\"https:\/\/patagoniachelofest.cl\/2025\/wp-content\/uploads\/2024\/12\/cropped-cropped-Olaf-Niessing.jpg\"> <\/div> <div  class=\"overlay\" style=\"display: block; opacity: 1;\"><\/div> <div  class=\"swap-inner\" style=\"opacity: 1; display: block;\"> <div  class=\"ContentSwap102-center\"> <a  href=\"#\" target=\"_self\" rel=\"noopener\" data-reiki-hidden=\"true\"><i  data-cp-fa=\"true\" class=\"team-large-square-membericon fa fa-twitter color6\"><\/i><\/a> <a  href=\"#\" target=\"_self\" rel=\"noopener\" data-reiki-hidden=\"true\"><i  data-cp-fa=\"true\" class=\"team-large-square-membericon fa fa-linkedin color6\"><\/i><\/a> <a  href=\"#\" target=\"_self\" rel=\"noopener\" data-reiki-hidden=\"true\"><i  data-cp-fa=\"true\" class=\"team-large-square-membericon fa fa-dribbble color6\"><\/i><\/a> <\/div> <\/div> <\/div> <div  class=\"team-large-square-memberinfo\" data-type=\"column\"> <h3  class=\"team-large-square-membername\">Olaf Niessing<\/h3> <h4  class=\"team-large-square-memberposition\">Violonchelo y m\u00fasica de c\u00e1mara<\/h4> <p  class=\"\">Estudi\u00f3 en las academias de m\u00fasica de Detmold (violonchelo, bajo la direcci\u00f3n de la profesora G\u00fcdel) y Colonia (m\u00fasica de c\u00e1mara, en la clase del Cuarteto Alban Berg). Complement\u00f3 su formaci\u00f3n participando en numerosas clases magistrales con destacados m\u00fasicos como Zara Nelsova, Christoph Poppen, Eberhard Feltz, Hans Erik Deckert, Thomas Brandis y Hans Dietrich Klaus, entre otros.<br >\nTras formar parte de diversas orquestas en Alemania, se dedic\u00f3 progresivamente a la m\u00fasica de c\u00e1mara. En 2000, fund\u00f3 el Emsland Ensemble, desempe\u00f1\u00e1ndose como su director art\u00edstico durante 17 a\u00f1os. Con este conjunto grab\u00f3 varios \u00e1lbumes, destacando la primera grabaci\u00f3n de la mono-\u00f3pera El diario de Ana Frank de Grigori Frid.<br >\nFue director de la Facultad de M\u00fasica de la Universidad de Talca en Chile. Desde 2019, reside con su familia en la Selva Negra, en el municipio de H\u00e4usern.<br >\nOlaf Nie\u00dfing es un profesor altamente reconocido, frecuentemente invitado a impartir clases magistrales de violonchelo y m\u00fasica de c\u00e1mara. La promoci\u00f3n de j\u00f3venes m\u00fasicos es una de sus principales prioridades, y en este \u00e1mbito ha liderado numerosos proyectos, incluyendo orquestas juveniles y grandes festivales internacionales.<\/p> <\/div> <\/div> <\/div><div  class=\"team-large-square-membercol cp6cols-tablet cp6cols\"> <div  class=\"team-large-square-membercard\"> <div  class=\"contentswap-effect ContentSwap102\" hover-fx=\"ContentSwap102\" id=\"ContentSwap102\" is-hovered=\"1\"> <div  class=\"ContentSwap102_content initial-image\"><img  decoding=\"async\" class=\"image13\" data-size=\"800x800\" src=\"https:\/\/patagoniachelofest.cl\/2025\/wp-content\/uploads\/2025\/11\/cropped-KoljaJ.LochmannGeigenbaumeister_030.jpg\"> <\/div> <div  class=\"overlay\" style=\"display: block; opacity: 1;\"><\/div> <div  class=\"swap-inner\" style=\"opacity: 1; display: block;\"> <div  class=\"ContentSwap102-center\"> <a  href=\"#\" target=\"_self\" rel=\"noopener\" data-reiki-hidden=\"true\"><i  data-cp-fa=\"true\" class=\"team-large-square-membericon fa fa-twitter color6\"><\/i><\/a> <a  href=\"#\" target=\"_self\" rel=\"noopener\" data-reiki-hidden=\"true\"><i  data-cp-fa=\"true\" class=\"team-large-square-membericon fa fa-linkedin color6\"><\/i><\/a> <a  href=\"#\" target=\"_self\" rel=\"noopener\" data-reiki-hidden=\"true\"><i  data-cp-fa=\"true\" class=\"team-large-square-membericon fa fa-dribbble color6\"><\/i><\/a> <\/div> <\/div> <\/div> <div  class=\"team-large-square-memberinfo\" data-type=\"column\"> <h3  class=\"team-large-square-membername\">Kolja J. Lochmann<\/h3> <h4  class=\"team-large-square-memberposition\">Maestro Luthier \u2013 Alemania<\/h4> <p  class=\"\">Kolja J. Lochmann comenz\u00f3 en 1989 su formaci\u00f3n en luther\u00eda en Newark, Inglaterra.<br >\nAbri\u00f3 su primer taller en Weimar, despu\u00e9s de trabajar en distintos talleres en Inglaterra, Francia, Noruega e Italia.<br >\nEn su taller se dedica principalmente a la construcci\u00f3n de instrumentos nuevos, adem\u00e1s de reparaciones y ajustes tonales.<br >\nKolja valora el intercambio de m\u00e9todos de trabajo y todas las ideas sobre c\u00f3mo abordar la construcci\u00f3n de violines en la actualidad, manteniendo lo cl\u00e1sico y a la vez abierto a nuevos enfoques.<br >\nHa participado como instructor y asistente en talleres en Europa y en distintas partes del mundo, incluyendo Estados Unidos, Australia y Namibia en los \u00faltimos a\u00f1os.<br >\nEn competencias internacionales ha obtenido reconocimiento y medallas, incluyendo dos medallas de oro por viol\u00edn y violonchelo en la Trienal de Cremona en el a\u00f1o 2000.<br >M\u00e1s informaci\u00f3n en su sitio web&nbsp;https:\/\/www.koljalochmann.com<\/p> <\/div> <\/div> <\/div><\/div> <\/div><\/div><div  data-label=\"Cta\" data-id=\"cta-centered-bg-section\" data-category=\"cta\" class=\"cta-centered-bg-section white-text\" data-parallax-depth=\"20\" id=\"cta-1\" style=\"background-color: rgb(246, 246, 246); background-image: url(&quot;https:\/\/patagoniachelofest.cl\/2025\/wp-content\/uploads\/2024\/11\/MG_3656a-scaled-1.jpg&quot;); background-size: cover; background-position: center top;\" data-ovid=\"ovid-cta-1-112\"> <div  class=\"gridContainer\"> <div  class=\"cta-centered-bg-section-row\"> <div  class=\"cta-centered-bg-section-row-2\"> <div  class=\"cta-centered-bg-section-col dynamic-color\" data-type=\"column\"> <h3  class=\"cta-centered-bg-section-title\"><span  class=\"cta-centered-bg-section-title-bold\" href=\"#\">Te necesitamos! <\/span>para hacer realidad la versi\u00f3n Chelofest 2026<\/h3> <a  class=\"button big color3 dark-text\" href=\"https:\/\/patagoniachelofest.cl\/2025\/aporta-aca\" target=\"_self\" data-icon=\"\" rel=\"noopener\"> Haz tu aporte ac\u00e1 <\/a> <\/div> <\/div> <\/div> <\/div> <\/div><div  data-label=\"Team 2\" data-id=\"team-large-square-section-1\" data-category=\"team\" class=\"team-large-square-section team-large-square-section-1\" id=\"team-2-1\" style=\"background-color: rgb(255, 255, 255);\"> <div  class=\"gridContainer\"> <div  class=\"team-large-square-textcol dynamic-color\" data-type=\"column\"> <h2  class=\"\">Producci\u00f3n y profesores estables del Festival Internacional de Violoncelos<br >\nPatagoniaChelofest 2026<\/h2>  <\/div> <div  class=\"team-large-square-innerrow dark-text\" data-type=\"row\"> <div  class=\"team-large-square-membercol cp6cols-tablet cp6cols\"> <div  class=\"team-large-square-membercard\"> <div  class=\"contentswap-effect ContentSwap102\" hover-fx=\"ContentSwap102\" id=\"ContentSwap102\" is-hovered=\"1\"> <div  class=\"ContentSwap102_content initial-image\"><img  decoding=\"async\" class=\"image13\" data-size=\"800x800\" src=\"https:\/\/patagoniachelofest.cl\/2025\/wp-content\/uploads\/2024\/11\/cropped-cropped-cropped-Marcio-Carneiro-1.png\"> <\/div> <div  class=\"overlay\" style=\"display: block; opacity: 1;\"><\/div> <div  class=\"swap-inner\" style=\"opacity: 1; display: block;\"> <div  class=\"ContentSwap102-center\"> <a  href=\"#\" target=\"_self\" data-reiki-hidden=\"true\"><i  data-cp-fa=\"true\" class=\"team-large-square-membericon fa fa-twitter color6\"><\/i><\/a> <a  href=\"#\" target=\"_self\" data-reiki-hidden=\"true\"><i  data-cp-fa=\"true\" class=\"team-large-square-membericon fa fa-linkedin color6\"><\/i><\/a> <a  href=\"#\" target=\"_self\" data-reiki-hidden=\"true\"><i  data-cp-fa=\"true\" class=\"team-large-square-membericon fa fa-dribbble color6\"><\/i><\/a> <\/div> <\/div> <\/div> <div  class=\"team-large-square-memberinfo\" data-type=\"column\"> <h3  class=\"team-large-square-membername\">Marcio Carneiro<\/h3> <h4  class=\"team-large-square-memberposition\">Brasil \u2013 Suiza<\/h4> <p  class=\"\">Naci\u00f3 en Rio de Janeiro. Inici\u00f3 estudios musicales a la edad de 5 a\u00f1os. Despu\u00e9s de estudios de Derecho e Idiomas y luego de haber recibido un Primer Premio de las Escuelas de Musica de Brasil, obtuvo una beca de estudios avanzados de Violoncello con el maestro Andre Navarra en Alemania.<br >\nRecibi\u00f3, con la distinci\u00f3n m\u00e1xima, su Diploma de Solista en la \u201cMusikhochschule Detmold\u201c, Alemania, donde gan\u00f3 por concurso la c\u00e1tedra de Violoncello en 1980.<br >\nDesde entonces ha desarrollado una nutrida actividad sol\u00edstica en todos los pa\u00edses europeos y latinoamericanos, como tambi\u00e9n en USA., Jap\u00f3n y Corea.<br >\n1978: Diploma de Honor en la Academia Chigiana de Siena y laureado del Concurso Tschaikovsky de Mosc\u00fa. Actividad pedag\u00f3gica regular a trav\u00e9s de clases magistrales y talleres en todo el mundo.<br >\n2009\/2015 profesor titular de Violoncello en la \u201cHaute \u00c9cole de Musique de Lausanne\/Sion\u201c.<\/p> <\/div> <\/div> <\/div> <div  class=\"team-large-square-membercol cp6cols-tablet cp6cols\"> <div  class=\"team-large-square-membercard\"> <div  class=\"contentswap-effect ContentSwap102\" hover-fx=\"ContentSwap102\" id=\"ContentSwap102\" is-hovered=\"1\"> <div  class=\"ContentSwap102_content initial-image\"><img  decoding=\"async\" class=\"image13\" data-size=\"800x800\" src=\"https:\/\/patagoniachelofest.cl\/2025\/wp-content\/uploads\/2024\/11\/cropped-cropped-cropped-cropped-cropped-Magda-1.jpg\"> <\/div> <div  class=\"overlay\" style=\"display: block; opacity: 1;\"><\/div> <div  class=\"swap-inner\" style=\"opacity: 1; display: block;\"> <div  class=\"ContentSwap102-center\"> <a  href=\"#\" target=\"_self\" data-reiki-hidden=\"true\"><i  data-cp-fa=\"true\" class=\"team-large-square-membericon fa fa-twitter color6\"><\/i><\/a> <a  href=\"#\" target=\"_self\" data-reiki-hidden=\"true\"><i  data-cp-fa=\"true\" class=\"team-large-square-membericon fa fa-linkedin color6\"><\/i><\/a> <a  href=\"#\" target=\"_self\" data-reiki-hidden=\"true\"><i  data-cp-fa=\"true\" class=\"team-large-square-membericon fa fa-dribbble color6\"><\/i><\/a> <\/div> <\/div> <\/div> <div  class=\"team-large-square-memberinfo\" data-type=\"column\"> <h3  class=\"team-large-square-membername\">Magdalena Rosas<\/h3> <h4  class=\"team-large-square-memberposition\">Directora Ejecutiva PatagoniaCheloFest Chile<\/h4> <p  class=\"\">Inicia su formaci\u00f3n en el violonchelo en la Universidad Cat\u00f3lica de Chile con el maestro Arnaldo Fuentes, contin\u00faa con el maestro Jorge Rom\u00e1n y el maestro H\u00e9ctor Escobar en la Universidad Austral de Chile.<br >\nEs Profesora de Estado en Educaci\u00f3n Musical, profesi\u00f3n que ejerce con gran vocaci\u00f3n aportando en la formaci\u00f3n m\u00fasicos y m\u00fasicas en la Patagonia, vive en la ciudad de Coyhaique desde 1984.<br >\nEn 1993 junto a un grupo de colegas funda la Escuela de M\u00fasica y Artes Integradas de Coyhaique. Posteriormente, realiza Master de gesti\u00f3n Cultural en la Universidad de Barcelona. En materias de gesti\u00f3n de instituciones culturales tiene basta experiencia, ha sido Directora de las Bibliotecas P\u00fablicas de la Regi\u00f3n de Ays\u00e9n y Directora Regional del Consejo Nacional de la Cultura y las Artes por 5 a\u00f1os (actual Ministerio de las Culturas, las Artes y el Patrimonio).<br >\nActualmente, dirige la Escuela de M\u00fasica y Artes Integradas de Coyhaique, es cofundadora junto al maestro Matias de Oliveira Pinto del Patagonia CheloFest y, continua su formaci\u00f3n como int\u00e9rprete con los maestros: Matias de Oliveira Pinto y H\u00e9ctor M\u00e9ndez Alvarado, quien fue su primer estudiante de violoncello y ahora tambi\u00e9n es su maestro.<\/p> <\/div> <\/div> <\/div> <div  class=\"team-large-square-membercol cp6cols-tablet cp6cols\"> <div  class=\"team-large-square-membercard\"> <div  class=\"contentswap-effect ContentSwap102\" hover-fx=\"ContentSwap102\" id=\"ContentSwap102\" is-hovered=\"1\"> <div  class=\"ContentSwap102_content initial-image\"><img  decoding=\"async\" class=\"image13\" data-size=\"800x800\" src=\"https:\/\/patagoniachelofest.cl\/2025\/wp-content\/uploads\/2024\/11\/cropped-cropped-cropped-Hector-Mendez-Cellista-1-1.jpg\"> <\/div> <div  class=\"overlay\" style=\"display: block; opacity: 1;\"><\/div> <div  class=\"swap-inner\" style=\"opacity: 1; display: block;\"> <div  class=\"ContentSwap102-center\"> <a  href=\"#\" target=\"_self\" data-reiki-hidden=\"true\"><i  data-cp-fa=\"true\" class=\"team-large-square-membericon fa fa-twitter color6\"><\/i><\/a> <a  href=\"#\" target=\"_self\" data-reiki-hidden=\"true\"><i  data-cp-fa=\"true\" class=\"team-large-square-membericon fa fa-linkedin color6\"><\/i><\/a> <a  href=\"#\" target=\"_self\" data-reiki-hidden=\"true\"><i  data-cp-fa=\"true\" class=\"team-large-square-membericon fa fa-dribbble color6\"><\/i><\/a> <\/div> <\/div> <\/div> <div  class=\"team-large-square-memberinfo\" data-type=\"column\"> <h3  class=\"team-large-square-membername\">H\u00e9ctor M\u00e9ndez<\/h3> <h4  class=\"team-large-square-memberposition\">Co-founder &amp; CMO<\/h4> <p  class=\"\">Inicia sus estudios musicales a los 9 a\u00f1os de edad en la Escuela de M\u00fasica de Coyhaique. A partir del a\u00f1o 2002 contin\u00faa su perfeccionamiento musical en la ciudad de Santiago en la Escuela Moderna de M\u00fasica, Pontificia Universidad Catolica de Chile y la Universidad Mayor, donde obtiene la Licenciatura en Interpretaci\u00f3n Musical. El a\u00f1o 2011 es becado por la prestigiosa Fundaci\u00f3n Carolina (Espa\u00f1a) para realizar un postgrado en el Centro Superior de M\u00fasica del Liceu de Barcelona. Adem\u00e1s, ha complementado sus estudios musicales en el \u00e1mbito de la direcci\u00f3n de orquestas en la Universidad Alberto Hurtado. Ha integrado las mas importantes agrupaciones musicales de nuestro pa\u00eds, como la Orquesta Sinf\u00f3nica Nacional de Chile, Orquesta Filarm\u00f3nica del Teatro Municipal de Santiago, Camerata del Universidad Andr\u00e9s Bello, Ensamble \u201cTaller\u201d de M\u00fasica Contempor\u00e1nea, entre otros. Con las cuales se ha presentado en gran parte de Chile, Latinoam\u00e9rica y Europa. Actualmente se desempe\u00f1a como director musical de la Orquesta Universitaria, Orquesta de C\u00e1mara y el Ensamble Institucional de la Universidad de Ays\u00e9n..<\/p> <\/div> <\/div> <\/div> <div  class=\"team-large-square-membercol cp6cols-tablet cp6cols\"> <div  class=\"team-large-square-membercard\"> <div  class=\"contentswap-effect ContentSwap102\" hover-fx=\"ContentSwap102\" id=\"ContentSwap102\" is-hovered=\"1\"> <div  class=\"ContentSwap102_content initial-image\"><img  decoding=\"async\" class=\"image13\" data-size=\"800x800\" src=\"https:\/\/patagoniachelofest.cl\/2025\/wp-content\/uploads\/2024\/11\/cropped-cropped-cropped-Risa-Adachi.png\"> <\/div> <div  class=\"overlay\" style=\"display: block; opacity: 1;\"><\/div> <div  class=\"swap-inner\" style=\"opacity: 1; display: block;\"> <div  class=\"ContentSwap102-center\"> <a  href=\"#\" target=\"_self\" data-reiki-hidden=\"true\"><i  data-cp-fa=\"true\" class=\"team-large-square-membericon fa fa-twitter color6\"><\/i><\/a> <a  href=\"#\" target=\"_self\" data-reiki-hidden=\"true\"><i  data-cp-fa=\"true\" class=\"team-large-square-membericon fa fa-linkedin color6\"><\/i><\/a> <a  href=\"#\" target=\"_self\" data-reiki-hidden=\"true\"><i  data-cp-fa=\"true\" class=\"team-large-square-membericon fa fa-dribbble color6\"><\/i><\/a> <\/div> <\/div> <\/div> <div  class=\"team-large-square-memberinfo\" data-type=\"column\"> <h3  class=\"team-large-square-membername\">Risa Adachi<\/h3> <h4  class=\"team-large-square-memberposition\">Pianista \u2013 Jap\u00f3n<\/h4> <p  class=\"\">Nace en la ciudad de Hyogo, en Jap\u00f3n, donde en 2005 termina el grado superior de m\u00fasica en la especialidad de piano. En 2007 finaliza con \u00e9xito su formaci\u00f3n de \u201cBachelor of Music\u201d y en la primavera de 2011 obtiene el \u201cZusatzzertifikat\u201d, en el \u201cMusikhochschule M\u00fcnster\u201d. Regularmente Risa Adachi es invitada como pianista acompa\u00f1ante y como m\u00fasico de c\u00e1mara a numerosas clases magistrales y festivales internacionales de m\u00fasica.<\/p> <\/div> <\/div> <\/div><\/div> <\/div><\/div>","protected":false},"excerpt":{"rendered":"<p>Nuestros profesores invitados Para el 2026 tenemos grandes maestros para un Festival Patag\u00f3nico, inolvidable. Mar\u00eda Gabriela Olivares Violonchelo y m\u00fasica de c\u00e1mara Nacida en La Serena, Mar\u00eda Gabriela Olivares comenz\u00f3 sus estudios musicales a los diez a\u00f1os en la Escuela Experimental de M\u00fasica Jorge Pe\u00f1a Hen. Posteriormente, se gradu\u00f3 con m\u00e1xima distinci\u00f3n en la Universidad&hellip; <br \/> <a class=\"button small blue\" href=\"https:\/\/patagoniachelofest.cl\/2025\/blog\/2024\/11\/03\/hello-world\/\">Read more<\/a><\/p>\n","protected":false},"author":1,"featured_media":0,"parent":0,"menu_order":0,"comment_status":"closed","ping_status":"closed","template":"full-width-page.php","meta":{"footnotes":""},"class_list":["post-107","page","type-page","status-publish","hentry"],"_links":{"self":[{"href":"https:\/\/patagoniachelofest.cl\/2025\/wp-json\/wp\/v2\/pages\/107","targetHints":{"allow":["GET"]}}],"collection":[{"href":"https:\/\/patagoniachelofest.cl\/2025\/wp-json\/wp\/v2\/pages"}],"about":[{"href":"https:\/\/patagoniachelofest.cl\/2025\/wp-json\/wp\/v2\/types\/page"}],"author":[{"embeddable":true,"href":"https:\/\/patagoniachelofest.cl\/2025\/wp-json\/wp\/v2\/users\/1"}],"replies":[{"embeddable":true,"href":"https:\/\/patagoniachelofest.cl\/2025\/wp-json\/wp\/v2\/comments?post=107"}],"version-history":[{"count":28,"href":"https:\/\/patagoniachelofest.cl\/2025\/wp-json\/wp\/v2\/pages\/107\/revisions"}],"predecessor-version":[{"id":625,"href":"https:\/\/patagoniachelofest.cl\/2025\/wp-json\/wp\/v2\/pages\/107\/revisions\/625"}],"wp:attachment":[{"href":"https:\/\/patagoniachelofest.cl\/2025\/wp-json\/wp\/v2\/media?parent=107"}],"curies":[{"name":"wp","href":"https:\/\/api.w.org\/{rel}","templated":true}]}}